{"id":7629,"date":"2022-04-11T17:20:24","date_gmt":"2022-04-11T15:20:24","guid":{"rendered":"https:\/\/www.papernet.com\/privacy-policy\/"},"modified":"2025-01-09T13:27:48","modified_gmt":"2025-01-09T12:27:48","slug":"privacy-policy","status":"publish","type":"page","link":"https:\/\/www.papernet.com\/fr\/politique-de-confidentialite\/","title":{"rendered":"Politique de confidentialit\u00e9"},"content":{"rendered":"\n<div style=\"height:70px\" aria-hidden=\"true\" class=\"wp-block-spacer\"><\/div>\n\n\n\n<h2 class=\"has-text-align-center has-large-font-size\"><strong>Politique de confidentialit\u00e9<\/strong><\/h2>\n\n\n\n<div style=\"height:50px\" aria-hidden=\"true\" class=\"wp-block-spacer\"><\/div>\n\n\n\n<p>Consciente de l\u2019importance de la protection de la vie priv\u00e9e et des libert\u00e9s individuelles, Sofidel S.p.A. (ci-apr\u00e8s, \u00ab&nbsp;<strong>Sofidel<\/strong>&nbsp;\u00bb ou le \u00ab&nbsp;<strong>Responsable<\/strong>&nbsp;\u00bb) s\u2019engage \u00e0 en assurer la protection dans le respect du droit applicable et, notamment, du R\u00e8glement (UE) 2016\/679 du 27 avril 2016 (ci-apr\u00e8s, le \u00ab&nbsp;<strong>R\u00e8glement<\/strong>&nbsp;\u00bb) ainsi que de la loi n\u00b0 78-17 du 6 janvier 1978 modifi\u00e9e.<\/p>\n\n\n\n<p>La pr\u00e9sente politique (ci-apr\u00e8s, la \u00ab&nbsp;<strong>Politique<\/strong>&nbsp;\u00bb) vise \u00e0 <strong>vous informer des principes qui gouvernent la mani\u00e8re dont nous traitons vos donn\u00e9es personnelles<\/strong> lorsque vous naviguez sur nos sites web<sup>1<\/sup> (ci-apr\u00e8s, les \u00ab&nbsp;<strong>Sites<\/strong>&nbsp;\u00bb) et\/ou utilisez les services qui y sont offerts et\/ou participez \u00e0 nos initiatives <strong>ainsi que des droits dont vous disposez sur les donn\u00e9es personnelles vous concernant.<\/strong><br><br>Pour la bonne compr\u00e9hension de ce document, nous vous rappelons que&nbsp;:<\/p>\n\n\n\n<ul><li>la <strong>notion de donn\u00e9es personnelles <\/strong>d\u00e9signe toute information relative \u00e0 des personnes physiques identifi\u00e9es ou identifiables, de mani\u00e8re directe ou indirecte.<\/li><li>le <strong>traitement des donn\u00e9es personnelles<\/strong> d\u00e9signe toute op\u00e9ration ou ensemble d&#8217;op\u00e9rations, effectu\u00e9es avec ou sans l&#8217;aide de processus automatis\u00e9s, tels que la collecte, l&#8217;enregistrement, l&#8217;organisation, la structuration, le stockage, l&#8217;adaptation ou la modification, l&#8217;extraction, la consultation, l&#8217;utilisation, la communication par transmission, la diffusion ou toute autre forme de mise \u00e0 disposition pour comparaison ou interconnexion, limitation, annulation ou destruction.<br><\/li><\/ul>\n\n\n\n<p><strong>1.  PROPRI\u00c9TAIRE ET RESPONSABLE DE LA PROTECTION DES DONN\u00c9ES<br><\/strong>Le Responsable du traitement est Sofidel S.p.A., dont le si\u00e8ge social est situ\u00e9 Via G. Lazzareschi n. 23 \u2013 55016 Porcari (LU). Sofidel peut \u00eatre contact\u00e9 par courrier \u00e9lectronique \u00e0 l\u2019adresse suivante : <a href=\"mailto:gdpr.holding@sofidel.com\">gdpr.holding@sofidel.com<\/a>.<\/p>\n\n\n\n<p>Le Responsable a d\u00e9sign\u00e9 un d\u00e9l\u00e9gu\u00e9 \u00e0 la protection des donn\u00e9es (<strong>\u00ab Data Protection Officer \u00bb ou \u00ab DPO \u00bb<\/strong>). Pour toute question relative au traitement de vos donn\u00e9es personnelles, vous pouvez contacter notre DPO \u00e0 l&#8217;adresse suivante <a href=\"mailto:dpo.holding@sofidel.com\">dpo.holding@sofidel.com<\/a>.<br><\/p>\n\n\n\n<p><strong>2. CAT\u00c9GORIES ET TYPES DE DONN\u00c9ES PERSONNELLES TRAIT\u00c9ES<\/strong><br>En utilisant les sites Sofidel dont <a href=\"http:\/\/www.letrefle.fr\">www.letrefle.fr<\/a>, <a href=\"http:\/\/www.sopalin.fr\">www.sopalin.fr<\/a> (ci-apr\u00e8s d\u00e9nomm\u00e9s les \u00ab&nbsp;<strong>Sites<\/strong>&nbsp;\u00bb par souci de concision), ou en participant \u00e0 des initiatives sp\u00e9cifiques, le Responsable pourra collecter et traiter les donn\u00e9es personnelles suivantes&nbsp;:<\/p>\n\n\n\n<p><em><em><strong>a. Les donn\u00e9es de navigation :<\/strong><\/em><\/em><br>Ce sont tous les param\u00e8tres du syst\u00e8me d&#8217;exploitation et de l&#8217;environnement informatique que vous utilisez, y compris l&#8217;adresse IP, la localisation (pays), les noms de domaine des ordinateurs, les adresses URI (Uniform Resource Identifier) des ressources demand\u00e9es sur les sites, l&#8217;heure des demandes, la m\u00e9thode utilis\u00e9e pour envoyer les demandes au serveur, la taille du fichier obtenu en r\u00e9ponse \u00e0 une demande, le code num\u00e9rique indiquant l&#8217;\u00e9tat de la r\u00e9ponse donn\u00e9e par le serveur (succ\u00e8s, erreur, etc.), etc. Ce sont les informations qui sont collect\u00e9es par les sites et qui permettent leur fonctionnement.<br>Nous vous informons que ces donn\u00e9es personnelles sont utilis\u00e9es par le Responsable du traitement dans le seul but d&#8217;obtenir des informations statistiques anonymes sur l&#8217;utilisation des Sites, et pour v\u00e9rifier leur bon fonctionnement et identifier d&#8217;\u00e9ventuels dysfonctionnements et\/ou abus. Ces donn\u00e9es personnelles sont supprim\u00e9es imm\u00e9diatement apr\u00e8s leur traitement, sauf si nous devons identifier les auteurs en cas de d\u00e9lits informatiques contre les sites ou des tiers.<\/p>\n\n\n\n<p><em><em><strong>b. Les donn\u00e9es que l&#8217;utilisateur fournit volontairement&nbsp;:<\/strong><\/em><\/em><br>Nous faisons r\u00e9f\u00e9rence aux donn\u00e9es personnelles que vous saisissez volontairement dans les formulaires de collecte d&#8217;informations qui peuvent \u00eatre pr\u00e9sents sur les Sites, les donn\u00e9es que vous fournissez lorsque vous participez \u00e0 des \u00e9v\u00e9nements et\/ou concours en ligne et\/ou hors ligne promus par Sofidel, ou lorsque vous vous inscrivez \u00e0 la newsletter de Sofidel, comme par exemple, votre pr\u00e9nom, votre nom, votre ville et\/ou province de r\u00e9sidence, votre adresse \u00e9lectronique et\/ou votre num\u00e9ro de t\u00e9l\u00e9phone, ainsi que les donn\u00e9es personnelles que vous pouvez nous fournir par des demandes d&#8217;information envoy\u00e9es aux adresses \u00e9lectroniques du service apr\u00e8s-vente du Responsable publi\u00e9es sur les Sites.<\/p>\n\n\n\n<p><em><em><strong>c. <strong><em>Les donn\u00e9es trait\u00e9es dans le cadre de services fournis en ligne :<\/em><\/strong><\/strong><\/em><\/em><br>Sans pr\u00e9judice des informations sp\u00e9cifiques qui peuvent \u00eatre disponibles dans les diff\u00e9rentes sections des sites Web, le pr\u00e9sent document s&#8217;applique aussi au traitement des donn\u00e9es que vous transmettez volontairement pour l&#8217;ex\u00e9cution des services rendus en ligne. Nous faisons r\u00e9f\u00e9rence par exemple, au service de l&#8217;enregistrement et \u00e0 l&#8217;acc\u00e8s \u00e0 votre espace personnel, o\u00f9 seront trait\u00e9es vos donn\u00e9es personnelles telles que vos coordonn\u00e9es et vos donn\u00e9es de contact.<\/p>\n\n\n\n<p><em><em><strong>d. <strong><em>Cookies : <\/em><\/strong><\/strong><\/em><\/em><br>Cliquez <a href=\"https:\/\/www.papernet.com\/fr\/politique-de-confidentialite\/\">i<\/a><a rel=\"noreferrer noopener\" href=\"https:\/\/www.papernet.com\/fr\/politique-de-confidentialite\/\" target=\"_blank\">ci<\/a> pour la politique applicable aux cookies.<br><\/p>\n\n\n\n<p><strong>3. FINALIT\u00c9 DU TRAITEMENTO<\/strong><br>Vos donn\u00e9es personnelles seront trait\u00e9es, avec votre consentement si n\u00e9cessaire, le cas \u00e9ch\u00e9ant, pour&nbsp;:<br><br>a) <strong>vous permettre de naviguer sur les sites<\/strong> (y compris la gestion des profils de s\u00e9curit\u00e9)&nbsp;;<br><br>b) <strong>fournir les services que vous sollicitez<\/strong>, comme entre autres, la participation \u00e0 des concours, le tirage au sort d&#8217;un prix conform\u00e9ment aux r\u00e8gles du concours d\u00fbment publi\u00e9es par le Responsable sur le site concern\u00e9&nbsp;;<br><br>c) <strong>r\u00e9pondre aux demandes que vous soumettez par le biais des formulaires d\u00e9di\u00e9s<\/strong> disponibles sur les sites ou par le biais des adresses e-mail du service apr\u00e8s-vente publi\u00e9es sur les Sites ;<br><br>d) <strong>vous transmettre des communications promotionnelles et de marketing<\/strong>, avec votre consentement, y compris des bulletins d&#8217;information, des offres promotionnelles, des initiatives commerciales, du mat\u00e9riel publicitaire, des ventes directes et des \u00e9tudes de march\u00e9, sur les produits et services du Responsable du traitement et\/ou des Partenaires commerciaux, ainsi que des invitations \u00e0 des \u00e9v\u00e9nements et initiatives organis\u00e9s par le Responsable du traitement ou les soci\u00e9t\u00e9s du Groupe, par des moyens automatis\u00e9s (sms, mms, email, syst\u00e8mes d&#8217;appels automatis\u00e9s sans op\u00e9rateur, utilisation des r\u00e9seaux sociaux, notifications push, WhatsApp, fax) et non automatis\u00e9s (courrier papier, t\u00e9l\u00e9phone avec op\u00e9rateur)&nbsp;;<br><br>e) <strong>analyser vos choix d&#8217;achat et vos pr\u00e9f\u00e9rences comportementales<\/strong>, avec votre consentement, afin de mieux structurer les communications personnalis\u00e9es et les propositions commerciales, effectuer des analyses g\u00e9n\u00e9rales \u00e0 des fins d&#8217;orientation strat\u00e9gique et d&#8217;intelligence commerciale et, en g\u00e9n\u00e9ral, pour les activit\u00e9s de profilage&nbsp;;<br><br>f) <strong>l&#8217;\u00e9valuation et la surveillance statistique<\/strong>&nbsp;: cette finalit\u00e9 implique une analyse d&#8217;informations agr\u00e9g\u00e9es qui ne se rapportent pas \u00e0 des personnes physiques identifi\u00e9es ou identifiables et qui, par cons\u00e9quent, ne constituent pas des donn\u00e9es personnelles et ne permettent en aucun cas au Responsable du traitement de connaitre votre identit\u00e9&nbsp;;<br><br>g) <strong>se conformer<\/strong> \u00e0 toute obligation d\u00e9coulant des lois, des r\u00e8glements ou de la l\u00e9gislation de l&#8217;UE applicables, ou r\u00e9pondre aux demandes des autorit\u00e9s&nbsp;;<br><br>h) <strong>constater, exercer ou d\u00e9fendre un droit en justice.<\/strong><\/p>\n\n\n\n<p><br><strong>4. BASE JURIDIQUE ET CARACT\u00c8RE OBLIGATOIRE OU FACULTATIF DU TRAITEMENT<\/strong><br>La base juridique du traitement des donn\u00e9es personnelles pour les points a) et b) et c) est <strong>l\u2019ex\u00e9cution du contrat qui vous lie \u00e0 Sofidel ou de mesures pr\u00e9contractuelles prises \u00e0 votre demande<\/strong>, car le traitement est n\u00e9cessaire pour acc\u00e9der aux services que vous demandez. La communication de vos donn\u00e9es personnelles \u00e0 ces fins est obligatoire, sans quoi il vous sera impossible d&#8217;acc\u00e9der aux services que vous demandez.<br>Les traitements en vue de l&#8217;analyse marketing et du profilage d\u00e9crits aux points d) et e) reposent sur votre consentement, lequel est r\u00e9vocable \u00e0 tout moment. La communication de vos donn\u00e9es personnelles \u00e0 ces fins est donc enti\u00e8rement facultative et n&#8217;affecte pas l&#8217;utilisation des autres services propos\u00e9s par les sites. Le profilage vise \u00e0 nous permettre d\u2019analyser l\u2019activit\u00e9 et l\u2019interactivit\u00e9 des utilisateurs aux fins d\u2019am\u00e9liorer leur exp\u00e9rience client et de leur proposer des avantages personnalis\u00e9s. Si, en tout \u00e9tat de cause, vous souhaitez vous opposer au traitement de vos donn\u00e9es \u00e0 des fins de marketing ou de profilage, vous pouvez le faire \u00e0 tout moment en contactant le Responsable du traitement dont les coordonn\u00e9es sont indiqu\u00e9es dans la section \u00ab Nous contacter \u00bb de la pr\u00e9sente politique.<\/p>\n\n\n\n<p>Les traitements vis\u00e9s au point f) ne portant pas sur des donn\u00e9es personnelles, ils ne rel\u00e8vent donc pas du champ d&#8217;application de la l\u00e9gislation applicable \u00e0 la protection des donn\u00e9es personnelles et peuvent, par cons\u00e9quent, \u00eatre effectu\u00e9s librement par le Responsable.<\/p>\n\n\n\n<p>Les traitements vis\u00e9s au point au point g) reposent sur <strong>l\u2019ex\u00e9cution d\u2019une obligation l\u00e9gale<\/strong> incombant au Responsable.<\/p>\n\n\n\n<p>Les traitements effectu\u00e9s aux fins vis\u00e9es au point h) sont fond\u00e9s sur <strong>l&#8217;int\u00e9r\u00eat l\u00e9gitime du Responsable \u00e0 la pr\u00e9servation et la d\u00e9fense de ses droits<\/strong>.<br><\/p>\n\n\n\n<p><strong>5. MODALIT\u00c9S DE TRAITEMENT DES DONN\u00c9ES<\/strong><br>Conform\u00e9ment aux finalit\u00e9s susmentionn\u00e9es et aux supports juridiques correspondants, vos donn\u00e9es personnelles sont trait\u00e9es par des moyens manuels, informatis\u00e9s et automatis\u00e9s selon une logique strictement li\u00e9e \u00e0 ces finalit\u00e9s et, dans tous les cas, pour en garantir la s\u00e9curit\u00e9 et la confidentialit\u00e9 des donn\u00e9es, ainsi que respecter les obligations sp\u00e9cifiques pr\u00e9vues par la loi.<br><br><strong>6. DESTINATAIRES DES DONN\u00c9ES PERSONNELLES<\/strong><br>Vos donn\u00e9es personnelles peuvent \u00eatre partag\u00e9es, en consid\u00e9ration stricte des finalit\u00e9s indiqu\u00e9es, avec les destinataires suivants :<\/p>\n\n\n\n<ul><li><strong>Personnes qui agissent typiquement en qualit\u00e9 de sous-traitants pour le compte du Responsable, <\/strong>notamment : personnes charg\u00e9es de la fourniture des Services (par exemple, h\u00e9bergeur ou fournisseurs de plateformes de courrier \u00e9lectronique) ; personnes autoris\u00e9es \u00e0 effectuer la maintenance technique (y compris la maintenance des \u00e9quipements de r\u00e9seau et des r\u00e9seaux de communication \u00e9lectronique), etc.<br>La liste compl\u00e8te des responsables du traitement est disponible, en envoyant une demande \u00e9crite au Responsable dont les coordonn\u00e9es sont indiqu\u00e9es dans la section \u00ab Contacts \u00bb de la pr\u00e9sente politique.<\/li><li><strong>Personnes autoris\u00e9es par le Responsable \u00e0 traiter les donn\u00e9es personnelles n\u00e9cessaires \u00e0 l&#8217;exercice d&#8217;activit\u00e9s strictement li\u00e9es \u00e0 la fourniture de services,<\/strong> qui se sont engag\u00e9es \u00e0 respecter la confidentialit\u00e9 ou qui sont soumises \u00e0 une obligation l\u00e9gale appropri\u00e9e de confidentialit\u00e9.<\/li><li><strong>Personnes, entit\u00e9s ou autorit\u00e9s auxquelles il est obligatoire de communiquer vos donn\u00e9es personnelles en vertu de dispositions l\u00e9gales ou d&#8217;injonctions des autorit\u00e9s.<\/strong><\/li><\/ul>\n\n\n\n<p><strong>Vos donn\u00e9es peuvent \u00eatre accessibles \u00e0 d&#8217;autres soci\u00e9t\u00e9s du Groupe Sofidel aux fins \u00e9nonc\u00e9es ci-dessus et\/ou \u00e0 des fins administratives et comptables<\/strong>. <br><br>Il est entendu que vos donn\u00e9es personnelles ne seront pas divulgu\u00e9es \u00e0 des tiers pour qu&#8217;ils les utilisent \u00e0 leurs propres fins promotionnelles et qu&#8217;elles ne seront en aucun cas diffus\u00e9es.<br><\/p>\n\n\n\n<p><strong>7. TRANSFERTS DES DONN\u00c9ES PERSONNELLES VERS DES PAYS TIERS<\/strong><br>D&#8217;une mani\u00e8re g\u00e9n\u00e9rale, nous fournissons nos meilleurs efforts pour que vos donn\u00e9es ne soient pas transf\u00e9r\u00e9es hors de l&#8217;Union Europ\u00e9enne.<\/p>\n\n\n\n<p>Si certaines tierces personnes mentionn\u00e9es \u00e0 la section 6 ci-dessus devaient \u00eatre situ\u00e9es dans des pays en dehors de l&#8217;Union europ\u00e9enne, le transfert de vos donn\u00e9es personnelles \u00e0 ces personnes ne serait effectu\u00e9 que dans les situations suivantes&nbsp;:<\/p>\n\n\n\n<ul><li>Il existe une d\u00e9cision d\u2019ad\u00e9quation de la Commission europ\u00e9enne \u00e0 l\u2019\u00e9gard du pays vers lequel sont transf\u00e9r\u00e9es vos donn\u00e9es, par laquelle il est constat\u00e9 que ce pays assure un niveau de protection ad\u00e9quat des donn\u00e9es personnelles&nbsp;;<\/li><li>Sofidel et lesdites personnes ont pr\u00e9alablement conclu des accords sp\u00e9cifiques, conformes aux clauses contractuelles types de protection des donn\u00e9es adopt\u00e9es par la Commission europ\u00e9enne. Sur ce point, vous pouvez nous contacter par \u00e9crit afin d\u2019obtenir une copie des garanties appropri\u00e9es mises en place.<\/li><li>Votre consentement vous a \u00e9t\u00e9 express\u00e9ment demand\u00e9 pr\u00e9alablement au transfert, apr\u00e8s vous avoir inform\u00e9 du niveau de protection de vos donn\u00e9es personnelles dans le pays de destination du transfert de donn\u00e9es.<\/li><\/ul>\n\n\n\n<p>De plus amples informations sont disponibles en envoyant une demande \u00e9crite au Responsable aux adresses indiqu\u00e9es dans la section \u00ab&nbsp;Contacts&nbsp;\u00bb de la pr\u00e9sente politique.<br><\/p>\n\n\n\n<p><strong>8. CONSERVATION DES DONN\u00c9ES PERSONNELLES<\/strong><br>Les donn\u00e9es \u00e0 caract\u00e8re personnel trait\u00e9es aux fins \u00e9nonc\u00e9es aux points a), b) et c) de l\u2019article 3 de la Politique sont conserv\u00e9es pendant la dur\u00e9e de votre relation contractuelle avec Sofidel.<br><br>Pour les finalit\u00e9s vis\u00e9es aux sections d) et e) de l\u2019article 3 de la Politique, vos donn\u00e9es \u00e0 caract\u00e8re personnel seront conserv\u00e9es jusqu&#8217;\u00e0 la r\u00e9vocation de votre consentement ou, en tout \u00e9tat de cause pour une p\u00e9riode maximale de 3 ans \u00e0 compter de la fin de votre relation contractuelle avec Sofidel ou votre dernier acte positif. En cas de r\u00e9vocation du consentement, les donn\u00e9es trait\u00e9es aux fins des sections c) et d) ci-dessus seront d\u00e9finitivement supprim\u00e9es ou rendues anonymes.<br><br>Les donn\u00e9es \u00e0 caract\u00e8re personnel trait\u00e9es aux fins \u00e9nonc\u00e9es au point g) de l\u2019article 3 de la Politique sont conserv\u00e9es pour la dur\u00e9e strictement n\u00e9cessaire eu \u00e9gard aux obligations l\u00e9gales concern\u00e9es.<br><br>Les donn\u00e9es \u00e0 caract\u00e8re personnel trait\u00e9es aux fins \u00e9nonc\u00e9es au point h) de l\u2019article 3 de la Politique sont conserv\u00e9es pour une dur\u00e9e d\u00e9termin\u00e9e en tenant compte de (i) leur int\u00e9r\u00eat juridique (ex. se pr\u00e9munir d\u2019un contentieux sp\u00e9cifique) et\/ou des (ii) r\u00e8gles de prescription sp\u00e9cifiquement applicables.<br><br>De mani\u00e8re g\u00e9n\u00e9rale, si des dur\u00e9es de conservation sont impos\u00e9es par des obligations l\u00e9gales et\/ou r\u00e9glementaires nous incombant, vos donn\u00e9es \u00e0 caract\u00e8re personnel seront conserv\u00e9es le temps n\u00e9cessaire pour remplir ces obligations.<br><br>Plus d&#8217;informations sur la p\u00e9riode de conservation des donn\u00e9es et les crit\u00e8res utilis\u00e9s pour d\u00e9terminer cette p\u00e9riode sont disponibles en envoyant une demande \u00e9crite au Responsable du traitement des donn\u00e9es dont l\u2019adresse est dans la section \u00ab&nbsp;Contacts&nbsp;\u00bb de cette politique de confidentialit\u00e9.<br><\/p>\n\n\n\n<p><strong>9. VOS DROITS SUR LES DONNES PERSONNELLES VOUS CONCERNANT<\/strong><br>Conform\u00e9ment \u00e0 la r\u00e8glementation applicable \u00e0 la protection des donn\u00e9es personnelles, vous disposez sur les personnelles vous concernant des droits suivants :<\/p>\n\n\n\n<ul><li><strong>Droit d&#8217;acc\u00e8s et de rectification<\/strong> (articles 15 et 16 du R\u00e8glement)&nbsp;;<\/li><li><strong>Droit \u00e0 l&#8217;effacement des donn\u00e9es<\/strong> (article 17 du R\u00e8glement)&nbsp;;<\/li><li><strong>Droit \u00e0 la limitation du traitement<\/strong> (article 18 du R\u00e8glement)&nbsp;;<\/li><li><strong>Droit \u00e0 la portabilit\u00e9 des donn\u00e9es<\/strong> (article 20 du R\u00e8glement)&nbsp;;<\/li><li><strong>Droit d&#8217;opposition<\/strong> (article 21 du R\u00e8glement)&nbsp;;<\/li><li><strong>Droit de d\u00e9poser une plainte aupr\u00e8s d\u2019une autorit\u00e9 de contr\u00f4le telle que la Commission nationale de l\u2019informatique et des libert\u00e9s<\/strong> (article 77 du R\u00e8glement)&nbsp;;<\/li><li><strong>Droit de r\u00e9voquer, \u00e0 tout moment, votre consentement <\/strong>(article 13 du R\u00e8glement).<\/li><\/ul>\n\n\n\n<p>Nous vous informons aussi que vous avez le droit de vous opposer \u00e0 tout moment, et sans devoir vous justifier, au profilage et \u00e0 l&#8217;envoi de marketing direct par des outils automatis\u00e9s (par exemple, sms, mms, e-mails, syst\u00e8mes d&#8217;appel automatis\u00e9s sans op\u00e9rateur, utilisation des r\u00e9seaux sociaux, notifications pouss\u00e9es, WhatsApp, fax) et classiques (courrier papier, t\u00e9l\u00e9phone avec op\u00e9rateur). De plus, pour le marketing direct, vous pouvez exercer aussi ce droit en partie, par exemple vous opposer uniquement \u00e0 l&#8217;envoi des communications promotionnelles par des moyens automatis\u00e9s.<br>Les demandes doivent \u00eatre adress\u00e9es par \u00e9crit au DPO dont les coordonn\u00e9es sont indiqu\u00e9es dans la section \u00ab Contacts \u00bb de la pr\u00e9sente politique de confidentialit\u00e9.Les demandes doivent \u00eatre adress\u00e9es par \u00e9crit au DPO dont les coordonn\u00e9es sont indiqu\u00e9es dans la section \u00ab Contacts \u00bb de la pr\u00e9sente politique de confidentialit\u00e9.<br><\/p>\n\n\n\n<p><strong>10. CHANGEMENTS<br><\/strong>Sofidel se r\u00e9serve le droit de modifier ou simplement de mettre \u00e0 jour tout ou partie de la Politique en cas de changements de la l\u00e9gislation applicable et\/ou d\u2019\u00e9volution de la position des autorit\u00e9s de contr\u00f4le en mati\u00e8re de protection des donn\u00e9es \u00e0 caract\u00e8re personnel. Nous vous invitons donc \u00e0 visiter r\u00e9guli\u00e8rement cette section pour prendre connaissance de la version la plus r\u00e9cente et actualis\u00e9e de la Politique afin d&#8217;\u00eatre toujours au courant des donn\u00e9es collect\u00e9es et de l&#8217;utilisation qui en est faite par Sofidel.<br><\/p>\n\n\n\n<p><strong>11. CONTACTS<br><\/strong>Pour exercer les droits susmentionn\u00e9s ou pour toute autre demande en lien avec la collecte et le traitement de vos donn\u00e9es \u00e0 caract\u00e8re personnel, vous pouvez \u00e9crire au DPO par courrier \u00e9lectronique \u00e0 l&#8217;adresse suivante : <a href=\"mailto:dpo.holding@sofidel.com\">dpo.holding@sofidel.com<\/a>.<br><br><br><em><sup>1<\/sup>Sont notamment vis\u00e9s les sites internet suivantes&nbsp;: www.letrefle.frwww.sopalin.fr<\/em><\/p>\n\n\n\n<div style=\"height:100px\" aria-hidden=\"true\" class=\"wp-block-spacer\"><\/div>\n","protected":false},"excerpt":{"rendered":"<p>Politique de confidentialit\u00e9 Consciente de l\u2019importance de la protection de la vie priv\u00e9e et des libert\u00e9s individuelles, Sofidel S.p.A. (ci-apr\u00e8s, \u00ab&nbsp;Sofidel&nbsp;\u00bb ou le \u00ab&nbsp;Responsable&nbsp;\u00bb) s\u2019engage \u00e0 en assurer la protection dans le respect du droit applicable et, notamment, du R\u00e8glement (UE) 2016\/679 du 27 avril 2016 (ci-apr\u00e8s, le \u00ab&nbsp;R\u00e8glement&nbsp;\u00bb) ainsi que de la loi n\u00b0 [&hellip;]<\/p>\n","protected":false},"author":4,"featured_media":0,"parent":0,"menu_order":0,"comment_status":"closed","ping_status":"closed","template":"privacy-cookie-page-template.php","meta":[],"meta_box":[],"_links":{"self":[{"href":"https:\/\/www.papernet.com\/fr\/wp-json\/wp\/v2\/pages\/7629"}],"collection":[{"href":"https:\/\/www.papernet.com\/fr\/wp-json\/wp\/v2\/pages"}],"about":[{"href":"https:\/\/www.papernet.com\/fr\/wp-json\/wp\/v2\/types\/page"}],"author":[{"embeddable":true,"href":"https:\/\/www.papernet.com\/fr\/wp-json\/wp\/v2\/users\/4"}],"replies":[{"embeddable":true,"href":"https:\/\/www.papernet.com\/fr\/wp-json\/wp\/v2\/comments?post=7629"}],"version-history":[{"count":25,"href":"https:\/\/www.papernet.com\/fr\/wp-json\/wp\/v2\/pages\/7629\/revisions"}],"predecessor-version":[{"id":29563,"href":"https:\/\/www.papernet.com\/fr\/wp-json\/wp\/v2\/pages\/7629\/revisions\/29563"}],"wp:attachment":[{"href":"https:\/\/www.papernet.com\/fr\/wp-json\/wp\/v2\/media?parent=7629"}],"curies":[{"name":"wp","href":"https:\/\/api.w.org\/{rel}","templated":true}]}}